{"id":892,"date":"2023-12-16T17:58:06","date_gmt":"2023-12-16T15:58:06","guid":{"rendered":"https:\/\/solar-model.com\/?page_id=892"},"modified":"2024-02-22T09:55:42","modified_gmt":"2024-02-22T08:55:42","slug":"nuestras-instalaciones","status":"publish","type":"page","link":"https:\/\/www.solar-model.com\/pl\/nasze-obiekty\/","title":{"rendered":"Nasze obiekty"},"content":{"rendered":"<div data-elementor-type=\"wp-page\" data-elementor-id=\"892\" class=\"elementor elementor-892\" data-elementor-post-type=\"page\">\n\t\t\t\t\t\t<section class=\"has_ae_slider elementor-section elementor-top-section elementor-element elementor-element-b3d1b39 elementor-section-boxed elementor-section-height-default elementor-section-height-default ae-bg-gallery-type-default\" data-id=\"b3d1b39\" data-element_type=\"section\" data-e-type=\"section\">\n\t\t\t\t\t\t<div class=\"elementor-container elementor-column-gap-default\">\n\t\t\t\t\t<div class=\"has_ae_slider elementor-column elementor-col-100 elementor-top-column elementor-element elementor-element-6d286b4 ae-bg-gallery-type-default\" data-id=\"6d286b4\" data-element_type=\"column\" data-e-type=\"column\">\n\t\t\t<div class=\"elementor-widget-wrap elementor-element-populated\">\n\t\t\t\t\t\t<div class=\"elementor-element elementor-element-94c8521 elementor-widget elementor-widget-heading\" data-id=\"94c8521\" data-element_type=\"widget\" data-e-type=\"widget\" data-widget_type=\"heading.default\">\n\t\t\t\t<div class=\"elementor-widget-container\">\n\t\t\t\t\t<h2 class=\"elementor-heading-title elementor-size-default\">Nasze obiekty<\/h2>\t\t\t\t<\/div>\n\t\t\t\t<\/div>\n\t\t\t\t\t<\/div>\n\t\t<\/div>\n\t\t\t\t\t<\/div>\n\t\t<\/section>\n\t\t\t\t<section class=\"has_ae_slider elementor-section elementor-top-section elementor-element elementor-element-559d330 elementor-section-boxed elementor-section-height-default elementor-section-height-default ae-bg-gallery-type-default\" data-id=\"559d330\" data-element_type=\"section\" data-e-type=\"section\">\n\t\t\t\t\t\t<div class=\"elementor-container elementor-column-gap-default\">\n\t\t\t\t\t<div class=\"has_ae_slider elementor-column elementor-col-100 elementor-top-column elementor-element elementor-element-fedff67 ae-bg-gallery-type-default\" data-id=\"fedff67\" data-element_type=\"column\" data-e-type=\"column\">\n\t\t\t<div class=\"elementor-widget-wrap elementor-element-populated\">\n\t\t\t\t\t\t<div class=\"elementor-element elementor-element-b11f45b elementor-widget elementor-widget-text-editor\" data-id=\"b11f45b\" data-element_type=\"widget\" data-e-type=\"widget\" data-widget_type=\"text-editor.default\">\n\t\t\t\t<div class=\"elementor-widget-container\">\n\t\t\t\t\t\t\t\t\t<p style=\"text-align: center;\">Niekt\u00f3re z projekt\u00f3w fotowoltaicznych na w\u0142asne potrzeby, kt\u00f3re zrealizowali\u015bmy dla naszych klient\u00f3w<\/p>\t\t\t\t\t\t\t\t<\/div>\n\t\t\t\t<\/div>\n\t\t\t\t\t<\/div>\n\t\t<\/div>\n\t\t\t\t\t<\/div>\n\t\t<\/section>\n\t\t\t\t<section class=\"has_ae_slider elementor-section elementor-top-section elementor-element elementor-element-d4aa176 elementor-section-boxed elementor-section-height-default elementor-section-height-default ae-bg-gallery-type-default\" data-id=\"d4aa176\" data-element_type=\"section\" data-e-type=\"section\">\n\t\t\t\t\t\t<div class=\"elementor-container elementor-column-gap-default\">\n\t\t\t\t\t<div class=\"has_ae_slider elementor-column elementor-col-100 elementor-top-column elementor-element elementor-element-eef6e02 ae-bg-gallery-type-default\" data-id=\"eef6e02\" data-element_type=\"column\" data-e-type=\"column\">\n\t\t\t<div class=\"elementor-widget-wrap elementor-element-populated\">\n\t\t\t\t\t\t<div class=\"elementor-element elementor-element-54e99a3 elementor-widget elementor-widget-image-gallery\" data-id=\"54e99a3\" data-element_type=\"widget\" data-e-type=\"widget\" data-widget_type=\"image-gallery.default\">\n\t\t\t\t<div class=\"elementor-widget-container\">\n\t\t\t\t\t\t\t<div class=\"elementor-image-gallery\">\n\t\t\t<div id='gallery-1' class='gallery galleryid-892 gallery-columns-3 gallery-size-medium'><figure class='gallery-item'>\n\t\t\t<div class='gallery-icon landscape'>\n\t\t\t\t<a data-elementor-open-lightbox=\"yes\" data-elementor-lightbox-slideshow=\"54e99a3\" data-elementor-lightbox-title=\"Instalaci\u00f3n solar en Torrevieja\" data-elementor-lightbox-description=\"Instalaci\u00f3n solar de 10kW con 20 paneles solares en Torrevieja\" data-e-action-hash=\"#elementor-action%3Aaction%3Dlightbox%26settings%3DeyJpZCI6NTQ1LCJ1cmwiOiJodHRwczpcL1wvd3d3LnNvbGFyLW1vZGVsLmNvbVwvd3AtY29udGVudFwvdXBsb2Fkc1wvMjAyM1wvMDZcLzEtMy5qcGciLCJzbGlkZXNob3ciOiI1NGU5OWEzIn0%3D\" href='https:\/\/www.solar-model.com\/wp-content\/uploads\/2023\/06\/1-3.jpg'><img fetchpriority=\"high\" decoding=\"async\" width=\"300\" height=\"169\" src=\"https:\/\/www.solar-model.com\/wp-content\/uploads\/2023\/06\/1-3-300x169.jpg\" class=\"attachment-medium size-medium\" alt=\"Instalacja solarna o mocy 10 kW w Torrevieja\" aria-describedby=\"gallery-1-545\" srcset=\"https:\/\/www.solar-model.com\/wp-content\/uploads\/2023\/06\/1-3-300x169.jpg 300w, https:\/\/www.solar-model.com\/wp-content\/uploads\/2023\/06\/1-3-1024x576.jpg 1024w, https:\/\/www.solar-model.com\/wp-content\/uploads\/2023\/06\/1-3-768x432.jpg 768w, https:\/\/www.solar-model.com\/wp-content\/uploads\/2023\/06\/1-3-1536x864.jpg 1536w, https:\/\/www.solar-model.com\/wp-content\/uploads\/2023\/06\/1-3-18x10.jpg 18w, https:\/\/www.solar-model.com\/wp-content\/uploads\/2023\/06\/1-3.jpg 1600w\" sizes=\"(max-width: 300px) 100vw, 300px\" \/><\/a>\n\t\t\t<\/div>\n\t\t\t\t<figcaption class='wp-caption-text gallery-caption' id='gallery-1-545'>\n\t\t\t\tInstalacja solarna o mocy 10 kW w Torrevieja\n\t\t\t\t<\/figcaption><\/figure><figure class='gallery-item'>\n\t\t\t<div class='gallery-icon landscape'>\n\t\t\t\t<a data-elementor-open-lightbox=\"yes\" data-elementor-lightbox-slideshow=\"54e99a3\" data-elementor-lightbox-title=\"Instalaci\u00f3n solar en Orihuela Costa\u200b\" data-elementor-lightbox-description=\"Instalaci\u00f3n solar de 3.5kW con 6 paneles solares en Orihuela Costa\u200b\" data-e-action-hash=\"#elementor-action%3Aaction%3Dlightbox%26settings%3DeyJpZCI6NTU2LCJ1cmwiOiJodHRwczpcL1wvd3d3LnNvbGFyLW1vZGVsLmNvbVwvd3AtY29udGVudFwvdXBsb2Fkc1wvMjAyM1wvMDZcLzItNS5qcGciLCJzbGlkZXNob3ciOiI1NGU5OWEzIn0%3D\" href='https:\/\/www.solar-model.com\/wp-content\/uploads\/2023\/06\/2-5.jpg'><img decoding=\"async\" width=\"300\" height=\"169\" src=\"https:\/\/www.solar-model.com\/wp-content\/uploads\/2023\/06\/2-5-300x169.jpg\" class=\"attachment-medium size-medium\" alt=\"Instalacja solarna o mocy 3,5 kW w Orihuela Costa\" aria-describedby=\"gallery-1-556\" srcset=\"https:\/\/www.solar-model.com\/wp-content\/uploads\/2023\/06\/2-5-300x169.jpg 300w, https:\/\/www.solar-model.com\/wp-content\/uploads\/2023\/06\/2-5-1024x576.jpg 1024w, https:\/\/www.solar-model.com\/wp-content\/uploads\/2023\/06\/2-5-768x432.jpg 768w, https:\/\/www.solar-model.com\/wp-content\/uploads\/2023\/06\/2-5-1536x864.jpg 1536w, https:\/\/www.solar-model.com\/wp-content\/uploads\/2023\/06\/2-5-18x10.jpg 18w, https:\/\/www.solar-model.com\/wp-content\/uploads\/2023\/06\/2-5.jpg 1600w\" sizes=\"(max-width: 300px) 100vw, 300px\" \/><\/a>\n\t\t\t<\/div>\n\t\t\t\t<figcaption class='wp-caption-text gallery-caption' id='gallery-1-556'>\n\t\t\t\tInstalacja solarna o mocy 3,5 kW w Orihuela Costa\n\t\t\t\t<\/figcaption><\/figure><figure class='gallery-item'>\n\t\t\t<div class='gallery-icon landscape'>\n\t\t\t\t<a data-elementor-open-lightbox=\"yes\" data-elementor-lightbox-slideshow=\"54e99a3\" data-elementor-lightbox-title=\"Instalaci\u00f3n solar en Torrevieja\" data-elementor-lightbox-description=\"Instalaci\u00f3n solar de 6kW con 14 paneles solares en Torrevieja\" data-e-action-hash=\"#elementor-action%3Aaction%3Dlightbox%26settings%3DeyJpZCI6NTY0LCJ1cmwiOiJodHRwczpcL1wvd3d3LnNvbGFyLW1vZGVsLmNvbVwvd3AtY29udGVudFwvdXBsb2Fkc1wvMjAyM1wvMDZcLzMtNC5qcGciLCJzbGlkZXNob3ciOiI1NGU5OWEzIn0%3D\" href='https:\/\/www.solar-model.com\/wp-content\/uploads\/2023\/06\/3-4.jpg'><img decoding=\"async\" width=\"300\" height=\"169\" src=\"https:\/\/www.solar-model.com\/wp-content\/uploads\/2023\/06\/3-4-300x169.jpg\" class=\"attachment-medium size-medium\" alt=\"Instalacja solarna o mocy 6 kW w Torrevieja\" aria-describedby=\"gallery-1-564\" srcset=\"https:\/\/www.solar-model.com\/wp-content\/uploads\/2023\/06\/3-4-300x169.jpg 300w, https:\/\/www.solar-model.com\/wp-content\/uploads\/2023\/06\/3-4-1024x576.jpg 1024w, https:\/\/www.solar-model.com\/wp-content\/uploads\/2023\/06\/3-4-768x432.jpg 768w, https:\/\/www.solar-model.com\/wp-content\/uploads\/2023\/06\/3-4-1536x864.jpg 1536w, https:\/\/www.solar-model.com\/wp-content\/uploads\/2023\/06\/3-4-18x10.jpg 18w, https:\/\/www.solar-model.com\/wp-content\/uploads\/2023\/06\/3-4.jpg 1600w\" sizes=\"(max-width: 300px) 100vw, 300px\" \/><\/a>\n\t\t\t<\/div>\n\t\t\t\t<figcaption class='wp-caption-text gallery-caption' id='gallery-1-564'>\n\t\t\t\tInstalacja solarna o mocy 6 kW w Torrevieja\n\t\t\t\t<\/figcaption><\/figure><figure class='gallery-item'>\n\t\t\t<div class='gallery-icon landscape'>\n\t\t\t\t<a data-elementor-open-lightbox=\"yes\" data-elementor-lightbox-slideshow=\"54e99a3\" data-elementor-lightbox-title=\"Instalaci\u00f3n solar en Torrevieja\" data-elementor-lightbox-description=\"Instalaci\u00f3n solar de 4,5kW con 10 paneles solares en Torrevieja\" data-e-action-hash=\"#elementor-action%3Aaction%3Dlightbox%26settings%3DeyJpZCI6NTY5LCJ1cmwiOiJodHRwczpcL1wvd3d3LnNvbGFyLW1vZGVsLmNvbVwvd3AtY29udGVudFwvdXBsb2Fkc1wvMjAyM1wvMDZcLzQtMS5qcGVnIiwic2xpZGVzaG93IjoiNTRlOTlhMyJ9\" href='https:\/\/www.solar-model.com\/wp-content\/uploads\/2023\/06\/4-1.jpeg'><img loading=\"lazy\" decoding=\"async\" width=\"300\" height=\"169\" src=\"https:\/\/www.solar-model.com\/wp-content\/uploads\/2023\/06\/4-1-300x169.jpeg\" class=\"attachment-medium size-medium\" alt=\"\" aria-describedby=\"gallery-1-569\" srcset=\"https:\/\/www.solar-model.com\/wp-content\/uploads\/2023\/06\/4-1-300x169.jpeg 300w, https:\/\/www.solar-model.com\/wp-content\/uploads\/2023\/06\/4-1-1024x576.jpeg 1024w, https:\/\/www.solar-model.com\/wp-content\/uploads\/2023\/06\/4-1-768x432.jpeg 768w, https:\/\/www.solar-model.com\/wp-content\/uploads\/2023\/06\/4-1-1536x864.jpeg 1536w, https:\/\/www.solar-model.com\/wp-content\/uploads\/2023\/06\/4-1-18x10.jpeg 18w, https:\/\/www.solar-model.com\/wp-content\/uploads\/2023\/06\/4-1.jpeg 1600w\" sizes=\"(max-width: 300px) 100vw, 300px\" \/><\/a>\n\t\t\t<\/div>\n\t\t\t\t<figcaption class='wp-caption-text gallery-caption' id='gallery-1-569'>\n\t\t\t\tInstalacja solarna o mocy 4,5 kW\n\t\t\t\t<\/figcaption><\/figure><figure class='gallery-item'>\n\t\t\t<div class='gallery-icon landscape'>\n\t\t\t\t<a data-elementor-open-lightbox=\"yes\" data-elementor-lightbox-slideshow=\"54e99a3\" data-elementor-lightbox-title=\"Instalaci\u00f3n solar en Altea Hills\" data-elementor-lightbox-description=\"Instalaci\u00f3n solar de 7kW con 16 paneles solares en Altea Hills\" data-e-action-hash=\"#elementor-action%3Aaction%3Dlightbox%26settings%3DeyJpZCI6NTg1LCJ1cmwiOiJodHRwczpcL1wvd3d3LnNvbGFyLW1vZGVsLmNvbVwvd3AtY29udGVudFwvdXBsb2Fkc1wvMjAyM1wvMDZcLzUtNC5qcGVnIiwic2xpZGVzaG93IjoiNTRlOTlhMyJ9\" href='https:\/\/www.solar-model.com\/wp-content\/uploads\/2023\/06\/5-4.jpeg'><img loading=\"lazy\" decoding=\"async\" width=\"300\" height=\"169\" src=\"https:\/\/www.solar-model.com\/wp-content\/uploads\/2023\/06\/5-4-300x169.jpeg\" class=\"attachment-medium size-medium\" alt=\"Instalacja solarna o mocy 7 kW w Altea Hills\" aria-describedby=\"gallery-1-585\" srcset=\"https:\/\/www.solar-model.com\/wp-content\/uploads\/2023\/06\/5-4-300x169.jpeg 300w, https:\/\/www.solar-model.com\/wp-content\/uploads\/2023\/06\/5-4-1024x576.jpeg 1024w, https:\/\/www.solar-model.com\/wp-content\/uploads\/2023\/06\/5-4-768x432.jpeg 768w, https:\/\/www.solar-model.com\/wp-content\/uploads\/2023\/06\/5-4-1536x864.jpeg 1536w, https:\/\/www.solar-model.com\/wp-content\/uploads\/2023\/06\/5-4-18x10.jpeg 18w, https:\/\/www.solar-model.com\/wp-content\/uploads\/2023\/06\/5-4.jpeg 1600w\" sizes=\"(max-width: 300px) 100vw, 300px\" \/><\/a>\n\t\t\t<\/div>\n\t\t\t\t<figcaption class='wp-caption-text gallery-caption' id='gallery-1-585'>\n\t\t\t\tInstalacja solarna o mocy 7 kW w Altea Hills\n\t\t\t\t<\/figcaption><\/figure><figure class='gallery-item'>\n\t\t\t<div class='gallery-icon landscape'>\n\t\t\t\t<a data-elementor-open-lightbox=\"yes\" data-elementor-lightbox-slideshow=\"54e99a3\" data-elementor-lightbox-title=\"Instalaci\u00f3n solar en Altea Hills\" data-elementor-lightbox-description=\"Instalaci\u00f3n solar de 7kW con 16 paneles solares en Altea Hills\" data-e-action-hash=\"#elementor-action%3Aaction%3Dlightbox%26settings%3DeyJpZCI6NTg5LCJ1cmwiOiJodHRwczpcL1wvd3d3LnNvbGFyLW1vZGVsLmNvbVwvd3AtY29udGVudFwvdXBsb2Fkc1wvMjAyM1wvMDZcLzUtOC5qcGVnIiwic2xpZGVzaG93IjoiNTRlOTlhMyJ9\" href='https:\/\/www.solar-model.com\/wp-content\/uploads\/2023\/06\/5-8.jpeg'><img loading=\"lazy\" decoding=\"async\" width=\"300\" height=\"169\" src=\"https:\/\/www.solar-model.com\/wp-content\/uploads\/2023\/06\/5-8-300x169.jpeg\" class=\"attachment-medium size-medium\" alt=\"Instalacja solarna o mocy 7 kW w Altea Hills\" aria-describedby=\"gallery-1-589\" srcset=\"https:\/\/www.solar-model.com\/wp-content\/uploads\/2023\/06\/5-8-300x169.jpeg 300w, https:\/\/www.solar-model.com\/wp-content\/uploads\/2023\/06\/5-8-768x432.jpeg 768w, https:\/\/www.solar-model.com\/wp-content\/uploads\/2023\/06\/5-8-18x10.jpeg 18w, https:\/\/www.solar-model.com\/wp-content\/uploads\/2023\/06\/5-8.jpeg 850w\" sizes=\"(max-width: 300px) 100vw, 300px\" \/><\/a>\n\t\t\t<\/div>\n\t\t\t\t<figcaption class='wp-caption-text gallery-caption' id='gallery-1-589'>\n\t\t\t\tInstalacja solarna o mocy 7 kW w Altea Hills\n\t\t\t\t<\/figcaption><\/figure><figure class='gallery-item'>\n\t\t\t<div class='gallery-icon landscape'>\n\t\t\t\t<a data-elementor-open-lightbox=\"yes\" data-elementor-lightbox-slideshow=\"54e99a3\" data-elementor-lightbox-title=\"Instalaci\u00f3n solar en Ciudad Quesada\" data-elementor-lightbox-description=\"Instalaci\u00f3n solar de 3kW con 7 paneles solares en Ciudad Quesada\" data-e-action-hash=\"#elementor-action%3Aaction%3Dlightbox%26settings%3DeyJpZCI6OTkxLCJ1cmwiOiJodHRwczpcL1wvd3d3LnNvbGFyLW1vZGVsLmNvbVwvd3AtY29udGVudFwvdXBsb2Fkc1wvMjAyM1wvMTJcL0luc3RhbGFjaW9uLWRlLTNrVy1lbi1DaXVkYWQtUXVlc2FkYS1zY2FsZWQuanBnIiwic2xpZGVzaG93IjoiNTRlOTlhMyJ9\" href='https:\/\/www.solar-model.com\/wp-content\/uploads\/2023\/12\/Instalacion-de-3kW-en-Ciudad-Quesada-scaled.jpg'><img loading=\"lazy\" decoding=\"async\" width=\"300\" height=\"169\" src=\"https:\/\/www.solar-model.com\/wp-content\/uploads\/2023\/12\/Instalacion-de-3kW-en-Ciudad-Quesada-300x169.jpg\" class=\"attachment-medium size-medium\" alt=\"Instalacja solarna o mocy 3 kW w Ciudad Quesada\" aria-describedby=\"gallery-1-991\" srcset=\"https:\/\/www.solar-model.com\/wp-content\/uploads\/2023\/12\/Instalacion-de-3kW-en-Ciudad-Quesada-300x169.jpg 300w, https:\/\/www.solar-model.com\/wp-content\/uploads\/2023\/12\/Instalacion-de-3kW-en-Ciudad-Quesada-1024x576.jpg 1024w, https:\/\/www.solar-model.com\/wp-content\/uploads\/2023\/12\/Instalacion-de-3kW-en-Ciudad-Quesada-768x432.jpg 768w, https:\/\/www.solar-model.com\/wp-content\/uploads\/2023\/12\/Instalacion-de-3kW-en-Ciudad-Quesada-1536x864.jpg 1536w, https:\/\/www.solar-model.com\/wp-content\/uploads\/2023\/12\/Instalacion-de-3kW-en-Ciudad-Quesada-2048x1152.jpg 2048w, https:\/\/www.solar-model.com\/wp-content\/uploads\/2023\/12\/Instalacion-de-3kW-en-Ciudad-Quesada-18x10.jpg 18w\" sizes=\"(max-width: 300px) 100vw, 300px\" \/><\/a>\n\t\t\t<\/div>\n\t\t\t\t<figcaption class='wp-caption-text gallery-caption' id='gallery-1-991'>\n\t\t\t\tInstalacja solarna o mocy 3 kW w Ciudad Quesada\n\t\t\t\t<\/figcaption><\/figure><figure class='gallery-item'>\n\t\t\t<div class='gallery-icon landscape'>\n\t\t\t\t<a data-elementor-open-lightbox=\"yes\" data-elementor-lightbox-slideshow=\"54e99a3\" data-elementor-lightbox-title=\"Instalaci\u00f3n solar en El Albir\" data-elementor-lightbox-description=\"Instalaci\u00f3n solar de 3kW con 6 paneles solares en El Albir\" data-e-action-hash=\"#elementor-action%3Aaction%3Dlightbox%26settings%3DeyJpZCI6OTkzLCJ1cmwiOiJodHRwczpcL1wvd3d3LnNvbGFyLW1vZGVsLmNvbVwvd3AtY29udGVudFwvdXBsb2Fkc1wvMjAyM1wvMTJcL0luc3RhbGFjaW9uLWRlLTNrVy1lbi1FbC1BbGJpci0yLXNjYWxlZC5qcGciLCJzbGlkZXNob3ciOiI1NGU5OWEzIn0%3D\" href='https:\/\/www.solar-model.com\/wp-content\/uploads\/2023\/12\/Instalacion-de-3kW-en-El-Albir-2-scaled.jpg'><img loading=\"lazy\" decoding=\"async\" width=\"300\" height=\"169\" src=\"https:\/\/www.solar-model.com\/wp-content\/uploads\/2023\/12\/Instalacion-de-3kW-en-El-Albir-2-300x169.jpg\" class=\"attachment-medium size-medium\" alt=\"Instalacja solarna o mocy 3 kW w El Albir\" aria-describedby=\"gallery-1-993\" srcset=\"https:\/\/www.solar-model.com\/wp-content\/uploads\/2023\/12\/Instalacion-de-3kW-en-El-Albir-2-300x169.jpg 300w, https:\/\/www.solar-model.com\/wp-content\/uploads\/2023\/12\/Instalacion-de-3kW-en-El-Albir-2-1024x576.jpg 1024w, https:\/\/www.solar-model.com\/wp-content\/uploads\/2023\/12\/Instalacion-de-3kW-en-El-Albir-2-768x432.jpg 768w, https:\/\/www.solar-model.com\/wp-content\/uploads\/2023\/12\/Instalacion-de-3kW-en-El-Albir-2-1536x864.jpg 1536w, https:\/\/www.solar-model.com\/wp-content\/uploads\/2023\/12\/Instalacion-de-3kW-en-El-Albir-2-2048x1152.jpg 2048w, https:\/\/www.solar-model.com\/wp-content\/uploads\/2023\/12\/Instalacion-de-3kW-en-El-Albir-2-18x10.jpg 18w\" sizes=\"(max-width: 300px) 100vw, 300px\" \/><\/a>\n\t\t\t<\/div>\n\t\t\t\t<figcaption class='wp-caption-text gallery-caption' id='gallery-1-993'>\n\t\t\t\tInstalacja solarna o mocy 3 kW w El Albir\n\t\t\t\t<\/figcaption><\/figure><figure class='gallery-item'>\n\t\t\t<div class='gallery-icon landscape'>\n\t\t\t\t<a data-elementor-open-lightbox=\"yes\" data-elementor-lightbox-slideshow=\"54e99a3\" data-elementor-lightbox-title=\"Instalaci\u00f3n solar en Orihuela Costa\" data-elementor-lightbox-description=\"Instalaci\u00f3n solar de 3kW con 6 paneles solares en Orihuela Costa\" data-e-action-hash=\"#elementor-action%3Aaction%3Dlightbox%26settings%3DeyJpZCI6OTk0LCJ1cmwiOiJodHRwczpcL1wvd3d3LnNvbGFyLW1vZGVsLmNvbVwvd3AtY29udGVudFwvdXBsb2Fkc1wvMjAyM1wvMTJcL0luc3RhbGFjaW9uLWRlLTNrVy1lbi1PcmlodWVsYS1Db3N0YS1zY2FsZWQuanBnIiwic2xpZGVzaG93IjoiNTRlOTlhMyJ9\" href='https:\/\/www.solar-model.com\/wp-content\/uploads\/2023\/12\/Instalacion-de-3kW-en-Orihuela-Costa-scaled.jpg'><img loading=\"lazy\" decoding=\"async\" width=\"300\" height=\"169\" src=\"https:\/\/www.solar-model.com\/wp-content\/uploads\/2023\/12\/Instalacion-de-3kW-en-Orihuela-Costa-300x169.jpg\" class=\"attachment-medium size-medium\" alt=\"Instalacja solarna o mocy 3 kW w Orihuela Costa\" aria-describedby=\"gallery-1-994\" srcset=\"https:\/\/www.solar-model.com\/wp-content\/uploads\/2023\/12\/Instalacion-de-3kW-en-Orihuela-Costa-300x169.jpg 300w, https:\/\/www.solar-model.com\/wp-content\/uploads\/2023\/12\/Instalacion-de-3kW-en-Orihuela-Costa-1024x576.jpg 1024w, https:\/\/www.solar-model.com\/wp-content\/uploads\/2023\/12\/Instalacion-de-3kW-en-Orihuela-Costa-768x432.jpg 768w, https:\/\/www.solar-model.com\/wp-content\/uploads\/2023\/12\/Instalacion-de-3kW-en-Orihuela-Costa-1536x864.jpg 1536w, https:\/\/www.solar-model.com\/wp-content\/uploads\/2023\/12\/Instalacion-de-3kW-en-Orihuela-Costa-2048x1152.jpg 2048w, https:\/\/www.solar-model.com\/wp-content\/uploads\/2023\/12\/Instalacion-de-3kW-en-Orihuela-Costa-18x10.jpg 18w\" sizes=\"(max-width: 300px) 100vw, 300px\" \/><\/a>\n\t\t\t<\/div>\n\t\t\t\t<figcaption class='wp-caption-text gallery-caption' id='gallery-1-994'>\n\t\t\t\tInstalacja solarna o mocy 3 kW w Orihuela Costa\n\t\t\t\t<\/figcaption><\/figure><figure class='gallery-item'>\n\t\t\t<div class='gallery-icon landscape'>\n\t\t\t\t<a data-elementor-open-lightbox=\"yes\" data-elementor-lightbox-slideshow=\"54e99a3\" data-elementor-lightbox-title=\"Instalaci\u00f3n solar en Orihuela\" data-elementor-lightbox-description=\"Instalaci\u00f3n solar de 3kW con 7 paneles solares en Orihuela\" data-e-action-hash=\"#elementor-action%3Aaction%3Dlightbox%26settings%3DeyJpZCI6OTk1LCJ1cmwiOiJodHRwczpcL1wvd3d3LnNvbGFyLW1vZGVsLmNvbVwvd3AtY29udGVudFwvdXBsb2Fkc1wvMjAyM1wvMTJcL0luc3RhbGFjaW9uLWRlLTNrVy1lbi1PcmlodWVsYS1zY2FsZWQuanBnIiwic2xpZGVzaG93IjoiNTRlOTlhMyJ9\" href='https:\/\/www.solar-model.com\/wp-content\/uploads\/2023\/12\/Instalacion-de-3kW-en-Orihuela-scaled.jpg'><img loading=\"lazy\" decoding=\"async\" width=\"300\" height=\"169\" src=\"https:\/\/www.solar-model.com\/wp-content\/uploads\/2023\/12\/Instalacion-de-3kW-en-Orihuela-300x169.jpg\" class=\"attachment-medium size-medium\" alt=\"Instalacja solarna o mocy 3 kW w Orihuela\" aria-describedby=\"gallery-1-995\" srcset=\"https:\/\/www.solar-model.com\/wp-content\/uploads\/2023\/12\/Instalacion-de-3kW-en-Orihuela-300x169.jpg 300w, https:\/\/www.solar-model.com\/wp-content\/uploads\/2023\/12\/Instalacion-de-3kW-en-Orihuela-1024x576.jpg 1024w, https:\/\/www.solar-model.com\/wp-content\/uploads\/2023\/12\/Instalacion-de-3kW-en-Orihuela-768x432.jpg 768w, https:\/\/www.solar-model.com\/wp-content\/uploads\/2023\/12\/Instalacion-de-3kW-en-Orihuela-1536x864.jpg 1536w, https:\/\/www.solar-model.com\/wp-content\/uploads\/2023\/12\/Instalacion-de-3kW-en-Orihuela-2048x1152.jpg 2048w, https:\/\/www.solar-model.com\/wp-content\/uploads\/2023\/12\/Instalacion-de-3kW-en-Orihuela-18x10.jpg 18w\" sizes=\"(max-width: 300px) 100vw, 300px\" \/><\/a>\n\t\t\t<\/div>\n\t\t\t\t<figcaption class='wp-caption-text gallery-caption' id='gallery-1-995'>\n\t\t\t\tInstalacja solarna o mocy 3 kW w Orihuela\n\t\t\t\t<\/figcaption><\/figure><figure class='gallery-item'>\n\t\t\t<div class='gallery-icon landscape'>\n\t\t\t\t<a data-elementor-open-lightbox=\"yes\" data-elementor-lightbox-slideshow=\"54e99a3\" data-elementor-lightbox-title=\"Instalaci\u00f3n solar en San Fulgencio\" data-elementor-lightbox-description=\"Instalaci\u00f3n solar de 4 kW con 8 paneles solares en San Fulgencio\" data-e-action-hash=\"#elementor-action%3Aaction%3Dlightbox%26settings%3DeyJpZCI6OTk2LCJ1cmwiOiJodHRwczpcL1wvd3d3LnNvbGFyLW1vZGVsLmNvbVwvd3AtY29udGVudFwvdXBsb2Fkc1wvMjAyM1wvMTJcL0luc3RhbGFjaW9uLWRlLTQta1ctZW4tU2FuLUZ1bGdlbmNpby1zY2FsZWQuanBnIiwic2xpZGVzaG93IjoiNTRlOTlhMyJ9\" href='https:\/\/www.solar-model.com\/wp-content\/uploads\/2023\/12\/Instalacion-de-4-kW-en-San-Fulgencio-scaled.jpg'><img loading=\"lazy\" decoding=\"async\" width=\"300\" height=\"169\" src=\"https:\/\/www.solar-model.com\/wp-content\/uploads\/2023\/12\/Instalacion-de-4-kW-en-San-Fulgencio-300x169.jpg\" class=\"attachment-medium size-medium\" alt=\"Instalacja solarna o mocy 4 kW w San Fulgencio\" aria-describedby=\"gallery-1-996\" srcset=\"https:\/\/www.solar-model.com\/wp-content\/uploads\/2023\/12\/Instalacion-de-4-kW-en-San-Fulgencio-300x169.jpg 300w, https:\/\/www.solar-model.com\/wp-content\/uploads\/2023\/12\/Instalacion-de-4-kW-en-San-Fulgencio-1024x576.jpg 1024w, https:\/\/www.solar-model.com\/wp-content\/uploads\/2023\/12\/Instalacion-de-4-kW-en-San-Fulgencio-768x432.jpg 768w, https:\/\/www.solar-model.com\/wp-content\/uploads\/2023\/12\/Instalacion-de-4-kW-en-San-Fulgencio-1536x864.jpg 1536w, https:\/\/www.solar-model.com\/wp-content\/uploads\/2023\/12\/Instalacion-de-4-kW-en-San-Fulgencio-2048x1152.jpg 2048w, https:\/\/www.solar-model.com\/wp-content\/uploads\/2023\/12\/Instalacion-de-4-kW-en-San-Fulgencio-18x10.jpg 18w\" sizes=\"(max-width: 300px) 100vw, 300px\" \/><\/a>\n\t\t\t<\/div>\n\t\t\t\t<figcaption class='wp-caption-text gallery-caption' id='gallery-1-996'>\n\t\t\t\tInstalacja solarna o mocy 4 kW w San Fulgencio\n\t\t\t\t<\/figcaption><\/figure><figure class='gallery-item'>\n\t\t\t<div class='gallery-icon landscape'>\n\t\t\t\t<a data-elementor-open-lightbox=\"yes\" data-elementor-lightbox-slideshow=\"54e99a3\" data-elementor-lightbox-title=\"Instalaci\u00f3n solar en Algorfa\" data-elementor-lightbox-description=\"Instalaci\u00f3n solar de 4kW con 8 paneles solares en Algorfa\" data-e-action-hash=\"#elementor-action%3Aaction%3Dlightbox%26settings%3DeyJpZCI6OTk4LCJ1cmwiOiJodHRwczpcL1wvd3d3LnNvbGFyLW1vZGVsLmNvbVwvd3AtY29udGVudFwvdXBsb2Fkc1wvMjAyM1wvMTJcL0luc3RhbGFjaW9uLWRlLTRrVy1lbi1BbGdvcmZhLTItc2NhbGVkLmpwZyIsInNsaWRlc2hvdyI6IjU0ZTk5YTMifQ%3D%3D\" href='https:\/\/www.solar-model.com\/wp-content\/uploads\/2023\/12\/Instalacion-de-4kW-en-Algorfa-2-scaled.jpg'><img loading=\"lazy\" decoding=\"async\" width=\"300\" height=\"169\" src=\"https:\/\/www.solar-model.com\/wp-content\/uploads\/2023\/12\/Instalacion-de-4kW-en-Algorfa-2-300x169.jpg\" class=\"attachment-medium size-medium\" alt=\"Instalacja solarna o mocy 4 kW w Algorfa\" aria-describedby=\"gallery-1-998\" srcset=\"https:\/\/www.solar-model.com\/wp-content\/uploads\/2023\/12\/Instalacion-de-4kW-en-Algorfa-2-300x169.jpg 300w, https:\/\/www.solar-model.com\/wp-content\/uploads\/2023\/12\/Instalacion-de-4kW-en-Algorfa-2-1024x576.jpg 1024w, https:\/\/www.solar-model.com\/wp-content\/uploads\/2023\/12\/Instalacion-de-4kW-en-Algorfa-2-768x432.jpg 768w, https:\/\/www.solar-model.com\/wp-content\/uploads\/2023\/12\/Instalacion-de-4kW-en-Algorfa-2-1536x864.jpg 1536w, https:\/\/www.solar-model.com\/wp-content\/uploads\/2023\/12\/Instalacion-de-4kW-en-Algorfa-2-2048x1152.jpg 2048w, https:\/\/www.solar-model.com\/wp-content\/uploads\/2023\/12\/Instalacion-de-4kW-en-Algorfa-2-18x10.jpg 18w\" sizes=\"(max-width: 300px) 100vw, 300px\" \/><\/a>\n\t\t\t<\/div>\n\t\t\t\t<figcaption class='wp-caption-text gallery-caption' id='gallery-1-998'>\n\t\t\t\tInstalacja solarna o mocy 4 kW w Algorfa\n\t\t\t\t<\/figcaption><\/figure><figure class='gallery-item'>\n\t\t\t<div class='gallery-icon landscape'>\n\t\t\t\t<a data-elementor-open-lightbox=\"yes\" data-elementor-lightbox-slideshow=\"54e99a3\" data-elementor-lightbox-title=\"Instalaci\u00f3n solar en Los Balcones\" data-elementor-lightbox-description=\"Instalaci\u00f3n solar de 6kW con 14 paneles solares en Los Balcones\" data-e-action-hash=\"#elementor-action%3Aaction%3Dlightbox%26settings%3DeyJpZCI6MTAwMCwidXJsIjoiaHR0cHM6XC9cL3d3dy5zb2xhci1tb2RlbC5jb21cL3dwLWNvbnRlbnRcL3VwbG9hZHNcLzIwMjNcLzEyXC9JbnN0YWxhY2lvbi1kZS02a1ctZW4tTG9zLUJhbGNvbmVzLTItc2NhbGVkLmpwZyIsInNsaWRlc2hvdyI6IjU0ZTk5YTMifQ%3D%3D\" href='https:\/\/www.solar-model.com\/wp-content\/uploads\/2023\/12\/Instalacion-de-6kW-en-Los-Balcones-2-scaled.jpg'><img loading=\"lazy\" decoding=\"async\" width=\"300\" height=\"169\" src=\"https:\/\/www.solar-model.com\/wp-content\/uploads\/2023\/12\/Instalacion-de-6kW-en-Los-Balcones-2-300x169.jpg\" class=\"attachment-medium size-medium\" alt=\"Instalacja solarna o mocy 6 kW w Los Balcones\" aria-describedby=\"gallery-1-1000\" srcset=\"https:\/\/www.solar-model.com\/wp-content\/uploads\/2023\/12\/Instalacion-de-6kW-en-Los-Balcones-2-300x169.jpg 300w, https:\/\/www.solar-model.com\/wp-content\/uploads\/2023\/12\/Instalacion-de-6kW-en-Los-Balcones-2-1024x576.jpg 1024w, https:\/\/www.solar-model.com\/wp-content\/uploads\/2023\/12\/Instalacion-de-6kW-en-Los-Balcones-2-768x432.jpg 768w, https:\/\/www.solar-model.com\/wp-content\/uploads\/2023\/12\/Instalacion-de-6kW-en-Los-Balcones-2-1536x864.jpg 1536w, https:\/\/www.solar-model.com\/wp-content\/uploads\/2023\/12\/Instalacion-de-6kW-en-Los-Balcones-2-2048x1152.jpg 2048w, https:\/\/www.solar-model.com\/wp-content\/uploads\/2023\/12\/Instalacion-de-6kW-en-Los-Balcones-2-18x10.jpg 18w\" sizes=\"(max-width: 300px) 100vw, 300px\" \/><\/a>\n\t\t\t<\/div>\n\t\t\t\t<figcaption class='wp-caption-text gallery-caption' id='gallery-1-1000'>\n\t\t\t\tInstalacja solarna o mocy 6 kW w Los Balcones\n\t\t\t\t<\/figcaption><\/figure><figure class='gallery-item'>\n\t\t\t<div class='gallery-icon landscape'>\n\t\t\t\t<a data-elementor-open-lightbox=\"yes\" data-elementor-lightbox-slideshow=\"54e99a3\" data-elementor-lightbox-title=\"Instalaci\u00f3n solar en Torrevieja\" data-elementor-lightbox-description=\"Instalaci\u00f3n solar de 6kW con 14 paneles solares en Torrevieja\" data-e-action-hash=\"#elementor-action%3Aaction%3Dlightbox%26settings%3DeyJpZCI6MTAwMSwidXJsIjoiaHR0cHM6XC9cL3d3dy5zb2xhci1tb2RlbC5jb21cL3dwLWNvbnRlbnRcL3VwbG9hZHNcLzIwMjNcLzEyXC9JbnN0YWxhY2lvbi1kZS02a1ctZW4tVG9ycmV2aWVqYS1zY2FsZWQuanBnIiwic2xpZGVzaG93IjoiNTRlOTlhMyJ9\" href='https:\/\/www.solar-model.com\/wp-content\/uploads\/2023\/12\/Instalacion-de-6kW-en-Torrevieja-scaled.jpg'><img loading=\"lazy\" decoding=\"async\" width=\"300\" height=\"169\" src=\"https:\/\/www.solar-model.com\/wp-content\/uploads\/2023\/12\/Instalacion-de-6kW-en-Torrevieja-300x169.jpg\" class=\"attachment-medium size-medium\" alt=\"Instalacja solarna o mocy 6 kW w Torrevieja\" aria-describedby=\"gallery-1-1001\" srcset=\"https:\/\/www.solar-model.com\/wp-content\/uploads\/2023\/12\/Instalacion-de-6kW-en-Torrevieja-300x169.jpg 300w, https:\/\/www.solar-model.com\/wp-content\/uploads\/2023\/12\/Instalacion-de-6kW-en-Torrevieja-1024x576.jpg 1024w, https:\/\/www.solar-model.com\/wp-content\/uploads\/2023\/12\/Instalacion-de-6kW-en-Torrevieja-768x432.jpg 768w, https:\/\/www.solar-model.com\/wp-content\/uploads\/2023\/12\/Instalacion-de-6kW-en-Torrevieja-1536x864.jpg 1536w, https:\/\/www.solar-model.com\/wp-content\/uploads\/2023\/12\/Instalacion-de-6kW-en-Torrevieja-2048x1152.jpg 2048w, https:\/\/www.solar-model.com\/wp-content\/uploads\/2023\/12\/Instalacion-de-6kW-en-Torrevieja-18x10.jpg 18w\" sizes=\"(max-width: 300px) 100vw, 300px\" \/><\/a>\n\t\t\t<\/div>\n\t\t\t\t<figcaption class='wp-caption-text gallery-caption' id='gallery-1-1001'>\n\t\t\t\tInstalacja solarna o mocy 6 kW w Torrevieja\n\t\t\t\t<\/figcaption><\/figure><figure class='gallery-item'>\n\t\t\t<div class='gallery-icon landscape'>\n\t\t\t\t<a data-elementor-open-lightbox=\"yes\" data-elementor-lightbox-slideshow=\"54e99a3\" data-elementor-lightbox-title=\"Instalaci\u00f3n solar en San Miguel de Salinas\" data-elementor-lightbox-description=\"Instalaci\u00f3n solar de 7kW con 16 paneles solares en San Miguel de Salinas\" data-e-action-hash=\"#elementor-action%3Aaction%3Dlightbox%26settings%3DeyJpZCI6MTAwNiwidXJsIjoiaHR0cHM6XC9cL3d3dy5zb2xhci1tb2RlbC5jb21cL3dwLWNvbnRlbnRcL3VwbG9hZHNcLzIwMjNcLzEyXC9JbnN0YWxhY2lvbi1kZS03a1ctZW4tU2FuLU1pZ3VlbC1kZS1TYWxpbmFzLXNjYWxlZC5qcGciLCJzbGlkZXNob3ciOiI1NGU5OWEzIn0%3D\" href='https:\/\/www.solar-model.com\/wp-content\/uploads\/2023\/12\/Instalacion-de-7kW-en-San-Miguel-de-Salinas-scaled.jpg'><img loading=\"lazy\" decoding=\"async\" width=\"300\" height=\"169\" src=\"https:\/\/www.solar-model.com\/wp-content\/uploads\/2023\/12\/Instalacion-de-7kW-en-San-Miguel-de-Salinas-300x169.jpg\" class=\"attachment-medium size-medium\" alt=\"Instalacja solarna o mocy 7 kW w San Miguel de Salinas\" aria-describedby=\"gallery-1-1006\" srcset=\"https:\/\/www.solar-model.com\/wp-content\/uploads\/2023\/12\/Instalacion-de-7kW-en-San-Miguel-de-Salinas-300x169.jpg 300w, https:\/\/www.solar-model.com\/wp-content\/uploads\/2023\/12\/Instalacion-de-7kW-en-San-Miguel-de-Salinas-1024x576.jpg 1024w, https:\/\/www.solar-model.com\/wp-content\/uploads\/2023\/12\/Instalacion-de-7kW-en-San-Miguel-de-Salinas-768x432.jpg 768w, https:\/\/www.solar-model.com\/wp-content\/uploads\/2023\/12\/Instalacion-de-7kW-en-San-Miguel-de-Salinas-1536x864.jpg 1536w, https:\/\/www.solar-model.com\/wp-content\/uploads\/2023\/12\/Instalacion-de-7kW-en-San-Miguel-de-Salinas-2048x1152.jpg 2048w, https:\/\/www.solar-model.com\/wp-content\/uploads\/2023\/12\/Instalacion-de-7kW-en-San-Miguel-de-Salinas-18x10.jpg 18w\" sizes=\"(max-width: 300px) 100vw, 300px\" \/><\/a>\n\t\t\t<\/div>\n\t\t\t\t<figcaption class='wp-caption-text gallery-caption' id='gallery-1-1006'>\n\t\t\t\tInstalacja solarna o mocy 7 kW w San Miguel de Salinas\n\t\t\t\t<\/figcaption><\/figure><figure class='gallery-item'>\n\t\t\t<div class='gallery-icon landscape'>\n\t\t\t\t<a data-elementor-open-lightbox=\"yes\" data-elementor-lightbox-slideshow=\"54e99a3\" data-elementor-lightbox-title=\"Instalaci\u00f3n solar en Torrevieja\" data-elementor-lightbox-description=\"Instalaci\u00f3n solar de 8kW con 18 paneles solares en Torrevieja\" data-e-action-hash=\"#elementor-action%3Aaction%3Dlightbox%26settings%3DeyJpZCI6MTAwOCwidXJsIjoiaHR0cHM6XC9cL3d3dy5zb2xhci1tb2RlbC5jb21cL3dwLWNvbnRlbnRcL3VwbG9hZHNcLzIwMjNcLzEyXC9JbnN0YWxhY2lvbi1kZS04a1ctZW4tVG9ycmV2aWVqYS1zY2FsZWQuanBnIiwic2xpZGVzaG93IjoiNTRlOTlhMyJ9\" href='https:\/\/www.solar-model.com\/wp-content\/uploads\/2023\/12\/Instalacion-de-8kW-en-Torrevieja-scaled.jpg'><img loading=\"lazy\" decoding=\"async\" width=\"300\" height=\"169\" src=\"https:\/\/www.solar-model.com\/wp-content\/uploads\/2023\/12\/Instalacion-de-8kW-en-Torrevieja-300x169.jpg\" class=\"attachment-medium size-medium\" alt=\"Instalacja solarna o mocy 8 kW w Torrevieja\" aria-describedby=\"gallery-1-1008\" srcset=\"https:\/\/www.solar-model.com\/wp-content\/uploads\/2023\/12\/Instalacion-de-8kW-en-Torrevieja-300x169.jpg 300w, https:\/\/www.solar-model.com\/wp-content\/uploads\/2023\/12\/Instalacion-de-8kW-en-Torrevieja-1024x576.jpg 1024w, https:\/\/www.solar-model.com\/wp-content\/uploads\/2023\/12\/Instalacion-de-8kW-en-Torrevieja-768x432.jpg 768w, https:\/\/www.solar-model.com\/wp-content\/uploads\/2023\/12\/Instalacion-de-8kW-en-Torrevieja-1536x864.jpg 1536w, https:\/\/www.solar-model.com\/wp-content\/uploads\/2023\/12\/Instalacion-de-8kW-en-Torrevieja-2048x1152.jpg 2048w, https:\/\/www.solar-model.com\/wp-content\/uploads\/2023\/12\/Instalacion-de-8kW-en-Torrevieja-18x10.jpg 18w\" sizes=\"(max-width: 300px) 100vw, 300px\" \/><\/a>\n\t\t\t<\/div>\n\t\t\t\t<figcaption class='wp-caption-text gallery-caption' id='gallery-1-1008'>\n\t\t\t\tInstalacja solarna o mocy 8 kW w Torrevieja\n\t\t\t\t<\/figcaption><\/figure><figure class='gallery-item'>\n\t\t\t<div class='gallery-icon landscape'>\n\t\t\t\t<a data-elementor-open-lightbox=\"yes\" data-elementor-lightbox-slideshow=\"54e99a3\" data-elementor-lightbox-title=\"Instalaci\u00f3n solar en Orihuela Costa\" data-elementor-lightbox-description=\"Instalaci\u00f3n solar de 9kW con 20 paneles solares en Orihuela Costa\" data-e-action-hash=\"#elementor-action%3Aaction%3Dlightbox%26settings%3DeyJpZCI6MTAwOSwidXJsIjoiaHR0cHM6XC9cL3d3dy5zb2xhci1tb2RlbC5jb21cL3dwLWNvbnRlbnRcL3VwbG9hZHNcLzIwMjNcLzEyXC9JbnN0YWxhY2lvbi1kZS05a1ctZW4tT3JpaHVlbGEtQ29zdGEtc2NhbGVkLmpwZyIsInNsaWRlc2hvdyI6IjU0ZTk5YTMifQ%3D%3D\" href='https:\/\/www.solar-model.com\/wp-content\/uploads\/2023\/12\/Instalacion-de-9kW-en-Orihuela-Costa-scaled.jpg'><img loading=\"lazy\" decoding=\"async\" width=\"300\" height=\"169\" src=\"https:\/\/www.solar-model.com\/wp-content\/uploads\/2023\/12\/Instalacion-de-9kW-en-Orihuela-Costa-300x169.jpg\" class=\"attachment-medium size-medium\" alt=\"Instalacja solarna o mocy 9 kW w Orihuela Costa\" aria-describedby=\"gallery-1-1009\" srcset=\"https:\/\/www.solar-model.com\/wp-content\/uploads\/2023\/12\/Instalacion-de-9kW-en-Orihuela-Costa-300x169.jpg 300w, https:\/\/www.solar-model.com\/wp-content\/uploads\/2023\/12\/Instalacion-de-9kW-en-Orihuela-Costa-1024x576.jpg 1024w, https:\/\/www.solar-model.com\/wp-content\/uploads\/2023\/12\/Instalacion-de-9kW-en-Orihuela-Costa-768x432.jpg 768w, https:\/\/www.solar-model.com\/wp-content\/uploads\/2023\/12\/Instalacion-de-9kW-en-Orihuela-Costa-1536x864.jpg 1536w, https:\/\/www.solar-model.com\/wp-content\/uploads\/2023\/12\/Instalacion-de-9kW-en-Orihuela-Costa-2048x1152.jpg 2048w, https:\/\/www.solar-model.com\/wp-content\/uploads\/2023\/12\/Instalacion-de-9kW-en-Orihuela-Costa-18x10.jpg 18w\" sizes=\"(max-width: 300px) 100vw, 300px\" \/><\/a>\n\t\t\t<\/div>\n\t\t\t\t<figcaption class='wp-caption-text gallery-caption' id='gallery-1-1009'>\n\t\t\t\tInstalacja solarna o mocy 9 kW w Orihuela Costa\n\t\t\t\t<\/figcaption><\/figure><figure class='gallery-item'>\n\t\t\t<div class='gallery-icon landscape'>\n\t\t\t\t<a data-elementor-open-lightbox=\"yes\" data-elementor-lightbox-slideshow=\"54e99a3\" data-elementor-lightbox-title=\"Instalaci\u00f3n solar en Torrevieja\" data-elementor-lightbox-description=\"Instalaci\u00f3n solar de 9kW con 20 paneles solares en Torrevieja\" data-e-action-hash=\"#elementor-action%3Aaction%3Dlightbox%26settings%3DeyJpZCI6MTAxMCwidXJsIjoiaHR0cHM6XC9cL3d3dy5zb2xhci1tb2RlbC5jb21cL3dwLWNvbnRlbnRcL3VwbG9hZHNcLzIwMjNcLzEyXC9JbnN0YWxhY2lvbi1kZS05a1ctZW4tVG9ycmV2aWVqYS1zY2FsZWQuanBnIiwic2xpZGVzaG93IjoiNTRlOTlhMyJ9\" href='https:\/\/www.solar-model.com\/wp-content\/uploads\/2023\/12\/Instalacion-de-9kW-en-Torrevieja-scaled.jpg'><img loading=\"lazy\" decoding=\"async\" width=\"300\" height=\"169\" src=\"https:\/\/www.solar-model.com\/wp-content\/uploads\/2023\/12\/Instalacion-de-9kW-en-Torrevieja-300x169.jpg\" class=\"attachment-medium size-medium\" alt=\"Instalacja solarna o mocy 9 kW w Torrevieja\" aria-describedby=\"gallery-1-1010\" srcset=\"https:\/\/www.solar-model.com\/wp-content\/uploads\/2023\/12\/Instalacion-de-9kW-en-Torrevieja-300x169.jpg 300w, https:\/\/www.solar-model.com\/wp-content\/uploads\/2023\/12\/Instalacion-de-9kW-en-Torrevieja-1024x576.jpg 1024w, https:\/\/www.solar-model.com\/wp-content\/uploads\/2023\/12\/Instalacion-de-9kW-en-Torrevieja-768x432.jpg 768w, https:\/\/www.solar-model.com\/wp-content\/uploads\/2023\/12\/Instalacion-de-9kW-en-Torrevieja-1536x864.jpg 1536w, https:\/\/www.solar-model.com\/wp-content\/uploads\/2023\/12\/Instalacion-de-9kW-en-Torrevieja-2048x1152.jpg 2048w, https:\/\/www.solar-model.com\/wp-content\/uploads\/2023\/12\/Instalacion-de-9kW-en-Torrevieja-18x10.jpg 18w\" sizes=\"(max-width: 300px) 100vw, 300px\" \/><\/a>\n\t\t\t<\/div>\n\t\t\t\t<figcaption class='wp-caption-text gallery-caption' id='gallery-1-1010'>\n\t\t\t\tInstalacja solarna o mocy 9 kW w Torrevieja\n\t\t\t\t<\/figcaption><\/figure><figure class='gallery-item'>\n\t\t\t<div class='gallery-icon landscape'>\n\t\t\t\t<a data-elementor-open-lightbox=\"yes\" data-elementor-lightbox-slideshow=\"54e99a3\" data-elementor-lightbox-title=\"Instalaci\u00f3n solar en Playa Flamenca\" data-elementor-lightbox-description=\"Instalaci\u00f3n solar de 3kW con 6 paneles solares en Playa Flamenca\" data-e-action-hash=\"#elementor-action%3Aaction%3Dlightbox%26settings%3DeyJpZCI6MTAxMSwidXJsIjoiaHR0cHM6XC9cL3d3dy5zb2xhci1tb2RlbC5jb21cL3dwLWNvbnRlbnRcL3VwbG9hZHNcLzIwMjNcLzEyXC9JbnN0YWxhY2lvbi1zb2xhci1kZS0za1ctZW4tUGxheWEtRmxhbWVuY2Etc2NhbGVkLmpwZyIsInNsaWRlc2hvdyI6IjU0ZTk5YTMifQ%3D%3D\" href='https:\/\/www.solar-model.com\/wp-content\/uploads\/2023\/12\/Instalacion-solar-de-3kW-en-Playa-Flamenca-scaled.jpg'><img loading=\"lazy\" decoding=\"async\" width=\"300\" height=\"169\" src=\"https:\/\/www.solar-model.com\/wp-content\/uploads\/2023\/12\/Instalacion-solar-de-3kW-en-Playa-Flamenca-300x169.jpg\" class=\"attachment-medium size-medium\" alt=\"Instalacja solarna o mocy 3 kW w Playa Flamenca\" aria-describedby=\"gallery-1-1011\" srcset=\"https:\/\/www.solar-model.com\/wp-content\/uploads\/2023\/12\/Instalacion-solar-de-3kW-en-Playa-Flamenca-300x169.jpg 300w, https:\/\/www.solar-model.com\/wp-content\/uploads\/2023\/12\/Instalacion-solar-de-3kW-en-Playa-Flamenca-1024x576.jpg 1024w, https:\/\/www.solar-model.com\/wp-content\/uploads\/2023\/12\/Instalacion-solar-de-3kW-en-Playa-Flamenca-768x432.jpg 768w, https:\/\/www.solar-model.com\/wp-content\/uploads\/2023\/12\/Instalacion-solar-de-3kW-en-Playa-Flamenca-1536x864.jpg 1536w, https:\/\/www.solar-model.com\/wp-content\/uploads\/2023\/12\/Instalacion-solar-de-3kW-en-Playa-Flamenca-2048x1152.jpg 2048w, https:\/\/www.solar-model.com\/wp-content\/uploads\/2023\/12\/Instalacion-solar-de-3kW-en-Playa-Flamenca-18x10.jpg 18w\" sizes=\"(max-width: 300px) 100vw, 300px\" \/><\/a>\n\t\t\t<\/div>\n\t\t\t\t<figcaption class='wp-caption-text gallery-caption' id='gallery-1-1011'>\n\t\t\t\tInstalacja solarna o mocy 3 kW w Playa Flamenca\n\t\t\t\t<\/figcaption><\/figure><figure class='gallery-item'>\n\t\t\t<div class='gallery-icon landscape'>\n\t\t\t\t<a data-elementor-open-lightbox=\"yes\" data-elementor-lightbox-slideshow=\"54e99a3\" data-elementor-lightbox-title=\"Instalaci\u00f3n solar en El Chapparal\" data-elementor-lightbox-description=\"Instalaci\u00f3n solar de 5kW con 11 paneles solares en El Chapparal\" data-e-action-hash=\"#elementor-action%3Aaction%3Dlightbox%26settings%3DeyJpZCI6MTAxMiwidXJsIjoiaHR0cHM6XC9cL3d3dy5zb2xhci1tb2RlbC5jb21cL3dwLWNvbnRlbnRcL3VwbG9hZHNcLzIwMjNcLzEyXC9JbnN0YWxhY2lvbi1zb2xhci1kZS01a1ctZW4tRWwtQ2hhcHBhcmFsLXNjYWxlZC5qcGciLCJzbGlkZXNob3ciOiI1NGU5OWEzIn0%3D\" href='https:\/\/www.solar-model.com\/wp-content\/uploads\/2023\/12\/Instalacion-solar-de-5kW-en-El-Chapparal-scaled.jpg'><img loading=\"lazy\" decoding=\"async\" width=\"300\" height=\"169\" src=\"https:\/\/www.solar-model.com\/wp-content\/uploads\/2023\/12\/Instalacion-solar-de-5kW-en-El-Chapparal-300x169.jpg\" class=\"attachment-medium size-medium\" alt=\"Instalacja solarna o mocy 5 kW w El Chapparal\" aria-describedby=\"gallery-1-1012\" srcset=\"https:\/\/www.solar-model.com\/wp-content\/uploads\/2023\/12\/Instalacion-solar-de-5kW-en-El-Chapparal-300x169.jpg 300w, https:\/\/www.solar-model.com\/wp-content\/uploads\/2023\/12\/Instalacion-solar-de-5kW-en-El-Chapparal-1024x576.jpg 1024w, https:\/\/www.solar-model.com\/wp-content\/uploads\/2023\/12\/Instalacion-solar-de-5kW-en-El-Chapparal-768x432.jpg 768w, https:\/\/www.solar-model.com\/wp-content\/uploads\/2023\/12\/Instalacion-solar-de-5kW-en-El-Chapparal-1536x864.jpg 1536w, https:\/\/www.solar-model.com\/wp-content\/uploads\/2023\/12\/Instalacion-solar-de-5kW-en-El-Chapparal-2048x1152.jpg 2048w, https:\/\/www.solar-model.com\/wp-content\/uploads\/2023\/12\/Instalacion-solar-de-5kW-en-El-Chapparal-18x10.jpg 18w\" sizes=\"(max-width: 300px) 100vw, 300px\" \/><\/a>\n\t\t\t<\/div>\n\t\t\t\t<figcaption class='wp-caption-text gallery-caption' id='gallery-1-1012'>\n\t\t\t\tInstalacja solarna o mocy 5 kW w El Chapparal\n\t\t\t\t<\/figcaption><\/figure><figure class='gallery-item'>\n\t\t\t<div class='gallery-icon landscape'>\n\t\t\t\t<a data-elementor-open-lightbox=\"yes\" data-elementor-lightbox-slideshow=\"54e99a3\" data-elementor-lightbox-title=\"Instalaci\u00f3n solar en Torrevieja\" data-elementor-lightbox-description=\"Instalaci\u00f3n solar de 5kW con 12 paneles solares en Torrevieja\" data-e-action-hash=\"#elementor-action%3Aaction%3Dlightbox%26settings%3DeyJpZCI6MTAxMywidXJsIjoiaHR0cHM6XC9cL3d3dy5zb2xhci1tb2RlbC5jb21cL3dwLWNvbnRlbnRcL3VwbG9hZHNcLzIwMjNcLzEyXC9JbnN0YWxhY2lvbi1zb2xhci1kZS01a1ctZW4tVG9ycmV2aWVqYS0xLXNjYWxlZC5qcGciLCJzbGlkZXNob3ciOiI1NGU5OWEzIn0%3D\" href='https:\/\/www.solar-model.com\/wp-content\/uploads\/2023\/12\/Instalacion-solar-de-5kW-en-Torrevieja-1-scaled.jpg'><img loading=\"lazy\" decoding=\"async\" width=\"300\" height=\"169\" src=\"https:\/\/www.solar-model.com\/wp-content\/uploads\/2023\/12\/Instalacion-solar-de-5kW-en-Torrevieja-1-300x169.jpg\" class=\"attachment-medium size-medium\" alt=\"Instalacja solarna o mocy 5 kW w Torrevieja\" aria-describedby=\"gallery-1-1013\" srcset=\"https:\/\/www.solar-model.com\/wp-content\/uploads\/2023\/12\/Instalacion-solar-de-5kW-en-Torrevieja-1-300x169.jpg 300w, https:\/\/www.solar-model.com\/wp-content\/uploads\/2023\/12\/Instalacion-solar-de-5kW-en-Torrevieja-1-1024x576.jpg 1024w, https:\/\/www.solar-model.com\/wp-content\/uploads\/2023\/12\/Instalacion-solar-de-5kW-en-Torrevieja-1-768x432.jpg 768w, https:\/\/www.solar-model.com\/wp-content\/uploads\/2023\/12\/Instalacion-solar-de-5kW-en-Torrevieja-1-1536x864.jpg 1536w, https:\/\/www.solar-model.com\/wp-content\/uploads\/2023\/12\/Instalacion-solar-de-5kW-en-Torrevieja-1-2048x1152.jpg 2048w, https:\/\/www.solar-model.com\/wp-content\/uploads\/2023\/12\/Instalacion-solar-de-5kW-en-Torrevieja-1-18x10.jpg 18w\" sizes=\"(max-width: 300px) 100vw, 300px\" \/><\/a>\n\t\t\t<\/div>\n\t\t\t\t<figcaption class='wp-caption-text gallery-caption' id='gallery-1-1013'>\n\t\t\t\tInstalacja solarna o mocy 5 kW w Torrevieja\n\t\t\t\t<\/figcaption><\/figure><figure class='gallery-item'>\n\t\t\t<div class='gallery-icon landscape'>\n\t\t\t\t<a data-elementor-open-lightbox=\"yes\" data-elementor-lightbox-slideshow=\"54e99a3\" data-elementor-lightbox-title=\"Instalaci\u00f3n solar en Torrevieja\" data-elementor-lightbox-description=\"Instalaci\u00f3n solar de 5kW con 12 paneles solares en Torrevieja\" data-e-action-hash=\"#elementor-action%3Aaction%3Dlightbox%26settings%3DeyJpZCI6MTAxNSwidXJsIjoiaHR0cHM6XC9cL3d3dy5zb2xhci1tb2RlbC5jb21cL3dwLWNvbnRlbnRcL3VwbG9hZHNcLzIwMjNcLzEyXC9JbnN0YWxhY2lvbi1zb2xhci1kZS01a1ctZW4tVG9ycmV2aWVqYS0zLXNjYWxlZC5qcGciLCJzbGlkZXNob3ciOiI1NGU5OWEzIn0%3D\" href='https:\/\/www.solar-model.com\/wp-content\/uploads\/2023\/12\/Instalacion-solar-de-5kW-en-Torrevieja-3-scaled.jpg'><img loading=\"lazy\" decoding=\"async\" width=\"300\" height=\"169\" src=\"https:\/\/www.solar-model.com\/wp-content\/uploads\/2023\/12\/Instalacion-solar-de-5kW-en-Torrevieja-3-300x169.jpg\" class=\"attachment-medium size-medium\" alt=\"Instalacja solarna o mocy 5 kW w Torrevieja\" aria-describedby=\"gallery-1-1015\" srcset=\"https:\/\/www.solar-model.com\/wp-content\/uploads\/2023\/12\/Instalacion-solar-de-5kW-en-Torrevieja-3-300x169.jpg 300w, https:\/\/www.solar-model.com\/wp-content\/uploads\/2023\/12\/Instalacion-solar-de-5kW-en-Torrevieja-3-1024x576.jpg 1024w, https:\/\/www.solar-model.com\/wp-content\/uploads\/2023\/12\/Instalacion-solar-de-5kW-en-Torrevieja-3-768x432.jpg 768w, https:\/\/www.solar-model.com\/wp-content\/uploads\/2023\/12\/Instalacion-solar-de-5kW-en-Torrevieja-3-1536x864.jpg 1536w, https:\/\/www.solar-model.com\/wp-content\/uploads\/2023\/12\/Instalacion-solar-de-5kW-en-Torrevieja-3-2048x1152.jpg 2048w, https:\/\/www.solar-model.com\/wp-content\/uploads\/2023\/12\/Instalacion-solar-de-5kW-en-Torrevieja-3-18x10.jpg 18w\" sizes=\"(max-width: 300px) 100vw, 300px\" \/><\/a>\n\t\t\t<\/div>\n\t\t\t\t<figcaption class='wp-caption-text gallery-caption' id='gallery-1-1015'>\n\t\t\t\tInstalacja solarna o mocy 5 kW w Torrevieja\n\t\t\t\t<\/figcaption><\/figure><figure class='gallery-item'>\n\t\t\t<div class='gallery-icon landscape'>\n\t\t\t\t<a data-elementor-open-lightbox=\"yes\" data-elementor-lightbox-slideshow=\"54e99a3\" data-elementor-lightbox-title=\"Instalaci\u00f3n solar en Torrevieja\" data-elementor-lightbox-description=\"Instalaci\u00f3n solar de 5kW con 12 paneles solares en Torrevieja\" data-e-action-hash=\"#elementor-action%3Aaction%3Dlightbox%26settings%3DeyJpZCI6MTAxNiwidXJsIjoiaHR0cHM6XC9cL3d3dy5zb2xhci1tb2RlbC5jb21cL3dwLWNvbnRlbnRcL3VwbG9hZHNcLzIwMjNcLzEyXC9JbnN0YWxhY2lvbi1zb2xhci1kZS01a1ctZW4tVG9ycmV2aWVqYS1zY2FsZWQuanBnIiwic2xpZGVzaG93IjoiNTRlOTlhMyJ9\" href='https:\/\/www.solar-model.com\/wp-content\/uploads\/2023\/12\/Instalacion-solar-de-5kW-en-Torrevieja-scaled.jpg'><img loading=\"lazy\" decoding=\"async\" width=\"300\" height=\"169\" src=\"https:\/\/www.solar-model.com\/wp-content\/uploads\/2023\/12\/Instalacion-solar-de-5kW-en-Torrevieja-300x169.jpg\" class=\"attachment-medium size-medium\" alt=\"Instalacja solarna o mocy 5 kW w Torrevieja\" aria-describedby=\"gallery-1-1016\" srcset=\"https:\/\/www.solar-model.com\/wp-content\/uploads\/2023\/12\/Instalacion-solar-de-5kW-en-Torrevieja-300x169.jpg 300w, https:\/\/www.solar-model.com\/wp-content\/uploads\/2023\/12\/Instalacion-solar-de-5kW-en-Torrevieja-1024x576.jpg 1024w, https:\/\/www.solar-model.com\/wp-content\/uploads\/2023\/12\/Instalacion-solar-de-5kW-en-Torrevieja-768x432.jpg 768w, https:\/\/www.solar-model.com\/wp-content\/uploads\/2023\/12\/Instalacion-solar-de-5kW-en-Torrevieja-1536x864.jpg 1536w, https:\/\/www.solar-model.com\/wp-content\/uploads\/2023\/12\/Instalacion-solar-de-5kW-en-Torrevieja-2048x1152.jpg 2048w, https:\/\/www.solar-model.com\/wp-content\/uploads\/2023\/12\/Instalacion-solar-de-5kW-en-Torrevieja-18x10.jpg 18w\" sizes=\"(max-width: 300px) 100vw, 300px\" \/><\/a>\n\t\t\t<\/div>\n\t\t\t\t<figcaption class='wp-caption-text gallery-caption' id='gallery-1-1016'>\n\t\t\t\tInstalacja solarna o mocy 5 kW w Torrevieja\n\t\t\t\t<\/figcaption><\/figure><figure class='gallery-item'>\n\t\t\t<div class='gallery-icon landscape'>\n\t\t\t\t<a data-elementor-open-lightbox=\"yes\" data-elementor-lightbox-slideshow=\"54e99a3\" data-elementor-lightbox-title=\"Instalaci\u00f3n solar en Altea Hills\" data-elementor-lightbox-description=\"Instalaci\u00f3n solar de 7kW con 16 paneles solares en Altea Hills\" data-e-action-hash=\"#elementor-action%3Aaction%3Dlightbox%26settings%3DeyJpZCI6MTAxNywidXJsIjoiaHR0cHM6XC9cL3d3dy5zb2xhci1tb2RlbC5jb21cL3dwLWNvbnRlbnRcL3VwbG9hZHNcLzIwMjNcLzEyXC9JbnN0YWxhY2lvbi1zb2xhci1kZS03a1ctZW4tQWx0ZWEtSGlsbHMtMS5qcGVnIiwic2xpZGVzaG93IjoiNTRlOTlhMyJ9\" href='https:\/\/www.solar-model.com\/wp-content\/uploads\/2023\/12\/Instalacion-solar-de-7kW-en-Altea-Hills-1.jpeg'><img loading=\"lazy\" decoding=\"async\" width=\"300\" height=\"169\" src=\"https:\/\/www.solar-model.com\/wp-content\/uploads\/2023\/12\/Instalacion-solar-de-7kW-en-Altea-Hills-1-300x169.jpeg\" class=\"attachment-medium size-medium\" alt=\"Instalacja solarna o mocy 7 kW w Altea Hills\" aria-describedby=\"gallery-1-1017\" srcset=\"https:\/\/www.solar-model.com\/wp-content\/uploads\/2023\/12\/Instalacion-solar-de-7kW-en-Altea-Hills-1-300x169.jpeg 300w, https:\/\/www.solar-model.com\/wp-content\/uploads\/2023\/12\/Instalacion-solar-de-7kW-en-Altea-Hills-1-1024x576.jpeg 1024w, https:\/\/www.solar-model.com\/wp-content\/uploads\/2023\/12\/Instalacion-solar-de-7kW-en-Altea-Hills-1-768x432.jpeg 768w, https:\/\/www.solar-model.com\/wp-content\/uploads\/2023\/12\/Instalacion-solar-de-7kW-en-Altea-Hills-1-1536x864.jpeg 1536w, https:\/\/www.solar-model.com\/wp-content\/uploads\/2023\/12\/Instalacion-solar-de-7kW-en-Altea-Hills-1-18x10.jpeg 18w, https:\/\/www.solar-model.com\/wp-content\/uploads\/2023\/12\/Instalacion-solar-de-7kW-en-Altea-Hills-1.jpeg 1600w\" sizes=\"(max-width: 300px) 100vw, 300px\" \/><\/a>\n\t\t\t<\/div>\n\t\t\t\t<figcaption class='wp-caption-text gallery-caption' id='gallery-1-1017'>\n\t\t\t\tInstalacja solarna o mocy 7 kW w Altea Hills\n\t\t\t\t<\/figcaption><\/figure><figure class='gallery-item'>\n\t\t\t<div class='gallery-icon landscape'>\n\t\t\t\t<a data-elementor-open-lightbox=\"yes\" data-elementor-lightbox-slideshow=\"54e99a3\" data-elementor-lightbox-title=\"Instalaci\u00f3n solar en Altea Hills\" data-elementor-lightbox-description=\"Instalaci\u00f3n solar de 7kW con 16 paneles solares en Altea Hills\" data-e-action-hash=\"#elementor-action%3Aaction%3Dlightbox%26settings%3DeyJpZCI6MTAxOCwidXJsIjoiaHR0cHM6XC9cL3d3dy5zb2xhci1tb2RlbC5jb21cL3dwLWNvbnRlbnRcL3VwbG9hZHNcLzIwMjNcLzEyXC9JbnN0YWxhY2lvbi1zb2xhci1kZS03a1ctZW4tQWx0ZWEtSGlsbHMtMi5qcGVnIiwic2xpZGVzaG93IjoiNTRlOTlhMyJ9\" href='https:\/\/www.solar-model.com\/wp-content\/uploads\/2023\/12\/Instalacion-solar-de-7kW-en-Altea-Hills-2.jpeg'><img loading=\"lazy\" decoding=\"async\" width=\"300\" height=\"169\" src=\"https:\/\/www.solar-model.com\/wp-content\/uploads\/2023\/12\/Instalacion-solar-de-7kW-en-Altea-Hills-2-300x169.jpeg\" class=\"attachment-medium size-medium\" alt=\"Instalacja solarna o mocy 7 kW w Altea Hills\" aria-describedby=\"gallery-1-1018\" srcset=\"https:\/\/www.solar-model.com\/wp-content\/uploads\/2023\/12\/Instalacion-solar-de-7kW-en-Altea-Hills-2-300x169.jpeg 300w, https:\/\/www.solar-model.com\/wp-content\/uploads\/2023\/12\/Instalacion-solar-de-7kW-en-Altea-Hills-2-1024x576.jpeg 1024w, https:\/\/www.solar-model.com\/wp-content\/uploads\/2023\/12\/Instalacion-solar-de-7kW-en-Altea-Hills-2-768x432.jpeg 768w, https:\/\/www.solar-model.com\/wp-content\/uploads\/2023\/12\/Instalacion-solar-de-7kW-en-Altea-Hills-2-1536x864.jpeg 1536w, https:\/\/www.solar-model.com\/wp-content\/uploads\/2023\/12\/Instalacion-solar-de-7kW-en-Altea-Hills-2-18x10.jpeg 18w, https:\/\/www.solar-model.com\/wp-content\/uploads\/2023\/12\/Instalacion-solar-de-7kW-en-Altea-Hills-2.jpeg 1600w\" sizes=\"(max-width: 300px) 100vw, 300px\" \/><\/a>\n\t\t\t<\/div>\n\t\t\t\t<figcaption class='wp-caption-text gallery-caption' id='gallery-1-1018'>\n\t\t\t\tInstalacja solarna o mocy 7 kW w Altea Hills\n\t\t\t\t<\/figcaption><\/figure><figure class='gallery-item'>\n\t\t\t<div class='gallery-icon landscape'>\n\t\t\t\t<a data-elementor-open-lightbox=\"yes\" data-elementor-lightbox-slideshow=\"54e99a3\" data-elementor-lightbox-title=\"Instalaci\u00f3n solar en Ciudad Quesada\" data-elementor-lightbox-description=\"Instalaci\u00f3n solar de 7kW con 16 paneles solares en Ciudad Quesada\" data-e-action-hash=\"#elementor-action%3Aaction%3Dlightbox%26settings%3DeyJpZCI6MTAyMywidXJsIjoiaHR0cHM6XC9cL3d3dy5zb2xhci1tb2RlbC5jb21cL3dwLWNvbnRlbnRcL3VwbG9hZHNcLzIwMjNcLzEyXC9JbnN0YWxhY2lvbi1zb2xhci1kZS03a1ctZW4tQ2l1ZGFkLVF1ZXNhZGEtNS1zY2FsZWQuanBnIiwic2xpZGVzaG93IjoiNTRlOTlhMyJ9\" href='https:\/\/www.solar-model.com\/wp-content\/uploads\/2023\/12\/Instalacion-solar-de-7kW-en-Ciudad-Quesada-5-scaled.jpg'><img loading=\"lazy\" decoding=\"async\" width=\"300\" height=\"169\" src=\"https:\/\/www.solar-model.com\/wp-content\/uploads\/2023\/12\/Instalacion-solar-de-7kW-en-Ciudad-Quesada-5-300x169.jpg\" class=\"attachment-medium size-medium\" alt=\"Instalacja solarna o mocy 7 kW w Ciudad Quesada\" aria-describedby=\"gallery-1-1023\" srcset=\"https:\/\/www.solar-model.com\/wp-content\/uploads\/2023\/12\/Instalacion-solar-de-7kW-en-Ciudad-Quesada-5-300x169.jpg 300w, https:\/\/www.solar-model.com\/wp-content\/uploads\/2023\/12\/Instalacion-solar-de-7kW-en-Ciudad-Quesada-5-1024x576.jpg 1024w, https:\/\/www.solar-model.com\/wp-content\/uploads\/2023\/12\/Instalacion-solar-de-7kW-en-Ciudad-Quesada-5-768x432.jpg 768w, https:\/\/www.solar-model.com\/wp-content\/uploads\/2023\/12\/Instalacion-solar-de-7kW-en-Ciudad-Quesada-5-1536x864.jpg 1536w, https:\/\/www.solar-model.com\/wp-content\/uploads\/2023\/12\/Instalacion-solar-de-7kW-en-Ciudad-Quesada-5-2048x1152.jpg 2048w, https:\/\/www.solar-model.com\/wp-content\/uploads\/2023\/12\/Instalacion-solar-de-7kW-en-Ciudad-Quesada-5-18x10.jpg 18w\" sizes=\"(max-width: 300px) 100vw, 300px\" \/><\/a>\n\t\t\t<\/div>\n\t\t\t\t<figcaption class='wp-caption-text gallery-caption' id='gallery-1-1023'>\n\t\t\t\tInstalacja solarna o mocy 7 kW w Ciudad Quesada\n\t\t\t\t<\/figcaption><\/figure><figure class='gallery-item'>\n\t\t\t<div class='gallery-icon landscape'>\n\t\t\t\t<a data-elementor-open-lightbox=\"yes\" data-elementor-lightbox-slideshow=\"54e99a3\" data-elementor-lightbox-title=\"Instalaci\u00f3n solar en Ciudad Quesada\" data-elementor-lightbox-description=\"Instalaci\u00f3n solar de 7kW con 16 paneles solares en Ciudad Quesada\" data-e-action-hash=\"#elementor-action%3Aaction%3Dlightbox%26settings%3DeyJpZCI6MTAyNCwidXJsIjoiaHR0cHM6XC9cL3d3dy5zb2xhci1tb2RlbC5jb21cL3dwLWNvbnRlbnRcL3VwbG9hZHNcLzIwMjNcLzEyXC9JbnN0YWxhY2lvbi1zb2xhci1kZS03a1ctZW4tQ2l1ZGFkLVF1ZXNhZGEtc2NhbGVkLmpwZyIsInNsaWRlc2hvdyI6IjU0ZTk5YTMifQ%3D%3D\" href='https:\/\/www.solar-model.com\/wp-content\/uploads\/2023\/12\/Instalacion-solar-de-7kW-en-Ciudad-Quesada-scaled.jpg'><img loading=\"lazy\" decoding=\"async\" width=\"300\" height=\"169\" src=\"https:\/\/www.solar-model.com\/wp-content\/uploads\/2023\/12\/Instalacion-solar-de-7kW-en-Ciudad-Quesada-300x169.jpg\" class=\"attachment-medium size-medium\" alt=\"Instalacja solarna o mocy 7 kW w Ciudad Quesada\" aria-describedby=\"gallery-1-1024\" srcset=\"https:\/\/www.solar-model.com\/wp-content\/uploads\/2023\/12\/Instalacion-solar-de-7kW-en-Ciudad-Quesada-300x169.jpg 300w, https:\/\/www.solar-model.com\/wp-content\/uploads\/2023\/12\/Instalacion-solar-de-7kW-en-Ciudad-Quesada-1024x576.jpg 1024w, https:\/\/www.solar-model.com\/wp-content\/uploads\/2023\/12\/Instalacion-solar-de-7kW-en-Ciudad-Quesada-768x432.jpg 768w, https:\/\/www.solar-model.com\/wp-content\/uploads\/2023\/12\/Instalacion-solar-de-7kW-en-Ciudad-Quesada-1536x864.jpg 1536w, https:\/\/www.solar-model.com\/wp-content\/uploads\/2023\/12\/Instalacion-solar-de-7kW-en-Ciudad-Quesada-2048x1152.jpg 2048w, https:\/\/www.solar-model.com\/wp-content\/uploads\/2023\/12\/Instalacion-solar-de-7kW-en-Ciudad-Quesada-18x10.jpg 18w\" sizes=\"(max-width: 300px) 100vw, 300px\" \/><\/a>\n\t\t\t<\/div>\n\t\t\t\t<figcaption class='wp-caption-text gallery-caption' id='gallery-1-1024'>\n\t\t\t\tInstalacja solarna o mocy 7 kW w Ciudad Quesada\n\t\t\t\t<\/figcaption><\/figure><figure class='gallery-item'>\n\t\t\t<div class='gallery-icon landscape'>\n\t\t\t\t<a data-elementor-open-lightbox=\"yes\" data-elementor-lightbox-slideshow=\"54e99a3\" data-elementor-lightbox-title=\"Instalaci\u00f3n solar en Finestrat\" data-elementor-lightbox-description=\"Instalaci\u00f3n solar de 11kW con 24 paneles solares en Finestrat\" data-e-action-hash=\"#elementor-action%3Aaction%3Dlightbox%26settings%3DeyJpZCI6MTAyNSwidXJsIjoiaHR0cHM6XC9cL3d3dy5zb2xhci1tb2RlbC5jb21cL3dwLWNvbnRlbnRcL3VwbG9hZHNcLzIwMjNcLzEyXC9JbnN0YWxhY2lvbi1zb2xhci1kZS0xMWtXLWVuLUZpbmVzdHJhdC0xLmpwZWciLCJzbGlkZXNob3ciOiI1NGU5OWEzIn0%3D\" href='https:\/\/www.solar-model.com\/wp-content\/uploads\/2023\/12\/Instalacion-solar-de-11kW-en-Finestrat-1.jpeg'><img loading=\"lazy\" decoding=\"async\" width=\"300\" height=\"169\" src=\"https:\/\/www.solar-model.com\/wp-content\/uploads\/2023\/12\/Instalacion-solar-de-11kW-en-Finestrat-1-300x169.jpeg\" class=\"attachment-medium size-medium\" alt=\"Instalacja solarna o mocy 11 kW w Finestrat\" aria-describedby=\"gallery-1-1025\" srcset=\"https:\/\/www.solar-model.com\/wp-content\/uploads\/2023\/12\/Instalacion-solar-de-11kW-en-Finestrat-1-300x169.jpeg 300w, https:\/\/www.solar-model.com\/wp-content\/uploads\/2023\/12\/Instalacion-solar-de-11kW-en-Finestrat-1-1024x576.jpeg 1024w, https:\/\/www.solar-model.com\/wp-content\/uploads\/2023\/12\/Instalacion-solar-de-11kW-en-Finestrat-1-768x432.jpeg 768w, https:\/\/www.solar-model.com\/wp-content\/uploads\/2023\/12\/Instalacion-solar-de-11kW-en-Finestrat-1-1536x864.jpeg 1536w, https:\/\/www.solar-model.com\/wp-content\/uploads\/2023\/12\/Instalacion-solar-de-11kW-en-Finestrat-1-18x10.jpeg 18w, https:\/\/www.solar-model.com\/wp-content\/uploads\/2023\/12\/Instalacion-solar-de-11kW-en-Finestrat-1.jpeg 2000w\" sizes=\"(max-width: 300px) 100vw, 300px\" \/><\/a>\n\t\t\t<\/div>\n\t\t\t\t<figcaption class='wp-caption-text gallery-caption' id='gallery-1-1025'>\n\t\t\t\tInstalacja solarna o mocy 11 kW w Finestrat\n\t\t\t\t<\/figcaption><\/figure><figure class='gallery-item'>\n\t\t\t<div class='gallery-icon landscape'>\n\t\t\t\t<a data-elementor-open-lightbox=\"yes\" data-elementor-lightbox-slideshow=\"54e99a3\" data-elementor-lightbox-title=\"Instalaci\u00f3n solar en San Miguel de Salinas\" data-elementor-lightbox-description=\"Instalaci\u00f3n solar de 5,4kW con 12 paneles solares en San Miguel de Salinas\" data-e-action-hash=\"#elementor-action%3Aaction%3Dlightbox%26settings%3DeyJpZCI6MTU3MSwidXJsIjoiaHR0cHM6XC9cL3d3dy5zb2xhci1tb2RlbC5jb21cL3dwLWNvbnRlbnRcL3VwbG9hZHNcLzIwMjRcLzAyXC9JbnN0YWxhY2lvbi1zb2xhci1kZS01NGtXLWVuLVNhbi1NaWd1ZWwtZGUtU2FsaW5hcy5qcGVnIiwic2xpZGVzaG93IjoiNTRlOTlhMyJ9\" href='https:\/\/www.solar-model.com\/wp-content\/uploads\/2024\/02\/Instalacion-solar-de-54kW-en-San-Miguel-de-Salinas.jpeg'><img loading=\"lazy\" decoding=\"async\" width=\"300\" height=\"169\" src=\"https:\/\/www.solar-model.com\/wp-content\/uploads\/2024\/02\/Instalacion-solar-de-54kW-en-San-Miguel-de-Salinas-300x169.jpeg\" class=\"attachment-medium size-medium\" alt=\"Instalacja solarna o mocy 5,4 kW w San Miguel de Salinas\" aria-describedby=\"gallery-1-1571\" srcset=\"https:\/\/www.solar-model.com\/wp-content\/uploads\/2024\/02\/Instalacion-solar-de-54kW-en-San-Miguel-de-Salinas-300x169.jpeg 300w, https:\/\/www.solar-model.com\/wp-content\/uploads\/2024\/02\/Instalacion-solar-de-54kW-en-San-Miguel-de-Salinas-1024x576.jpeg 1024w, https:\/\/www.solar-model.com\/wp-content\/uploads\/2024\/02\/Instalacion-solar-de-54kW-en-San-Miguel-de-Salinas-768x432.jpeg 768w, https:\/\/www.solar-model.com\/wp-content\/uploads\/2024\/02\/Instalacion-solar-de-54kW-en-San-Miguel-de-Salinas-18x10.jpeg 18w, https:\/\/www.solar-model.com\/wp-content\/uploads\/2024\/02\/Instalacion-solar-de-54kW-en-San-Miguel-de-Salinas.jpeg 1280w\" sizes=\"(max-width: 300px) 100vw, 300px\" \/><\/a>\n\t\t\t<\/div>\n\t\t\t\t<figcaption class='wp-caption-text gallery-caption' id='gallery-1-1571'>\n\t\t\t\tInstalacja solarna o mocy 5,4 kW w San Miguel de Salinas\n\t\t\t\t<\/figcaption><\/figure>\n\t\t<\/div>\n\t\t<\/div>\n\t\t\t\t\t\t<\/div>\n\t\t\t\t<\/div>\n\t\t\t\t\t<\/div>\n\t\t<\/div>\n\t\t\t\t\t<\/div>\n\t\t<\/section>\n\t\t\t\t<\/div>","protected":false},"excerpt":{"rendered":"<p>Nuestras instalaciones Algunos proyectos fotovoltaicas de autoconsumo que hemos realizado para nuestros clientes Instalaci\u00f3n solar de 10kW en Torrevieja Instalaci\u00f3n solar de 3.5kW en Orihuela Costa\u200b Instalaci\u00f3n solar de 6kW en Torrevieja Instalaci\u00f3n solar de 4,5 kW Instalaci\u00f3n solar de 7kW en Altea Hills Instalaci\u00f3n solar de 7kW en Altea Hills Instalaci\u00f3n solar de 3kW [&hellip;]<\/p>\n","protected":false},"author":1,"featured_media":0,"parent":0,"menu_order":0,"comment_status":"closed","ping_status":"closed","template":"","meta":{"site-sidebar-layout":"no-sidebar","site-content-layout":"page-builder","ast-site-content-layout":"full-width-container","site-content-style":"default","site-sidebar-style":"default","ast-global-header-display":"","ast-banner-title-visibility":"","ast-main-header-display":"","ast-hfb-above-header-display":"","ast-hfb-below-header-display":"","ast-hfb-mobile-header-display":"","site-post-title":"disabled","ast-breadcrumbs-content":"","ast-featured-img":"disabled","footer-sml-layout":"","ast-disable-related-posts":"","theme-transparent-header-meta":"","adv-header-id-meta":"","stick-header-meta":"","header-above-stick-meta":"","header-main-stick-meta":"","header-below-stick-meta":"","astra-migrate-meta-layouts":"default","ast-page-background-enabled":"default","ast-page-background-meta":{"desktop":{"background-color":"","background-image":"","background-repeat":"repeat","background-position":"center center","background-size":"auto","background-attachment":"scroll","background-type":"","background-media":"","overlay-type":"","overlay-color":"","overlay-opacity":"","overlay-gradient":""},"tablet":{"background-color":"","background-image":"","background-repeat":"repeat","background-position":"center center","background-size":"auto","background-attachment":"scroll","background-type":"","background-media":"","overlay-type":"","overlay-color":"","overlay-opacity":"","overlay-gradient":""},"mobile":{"background-color":"","background-image":"","background-repeat":"repeat","background-position":"center center","background-size":"auto","background-attachment":"scroll","background-type":"","background-media":"","overlay-type":"","overlay-color":"","overlay-opacity":"","overlay-gradient":""}},"ast-content-background-meta":{"desktop":{"background-color":"var(--ast-global-color-5)","background-image":"","background-repeat":"repeat","background-position":"center center","background-size":"auto","background-attachment":"scroll","background-type":"","background-media":"","overlay-type":"","overlay-color":"","overlay-opacity":"","overlay-gradient":""},"tablet":{"background-color":"var(--ast-global-color-5)","background-image":"","background-repeat":"repeat","background-position":"center center","background-size":"auto","background-attachment":"scroll","background-type":"","background-media":"","overlay-type":"","overlay-color":"","overlay-opacity":"","overlay-gradient":""},"mobile":{"background-color":"var(--ast-global-color-5)","background-image":"","background-repeat":"repeat","background-position":"center center","background-size":"auto","background-attachment":"scroll","background-type":"","background-media":"","overlay-type":"","overlay-color":"","overlay-opacity":"","overlay-gradient":""}},"_joinchat":[],"footnotes":""},"class_list":["post-892","page","type-page","status-publish","hentry"],"_links":{"self":[{"href":"https:\/\/www.solar-model.com\/pl\/wp-json\/wp\/v2\/pages\/892","targetHints":{"allow":["GET"]}}],"collection":[{"href":"https:\/\/www.solar-model.com\/pl\/wp-json\/wp\/v2\/pages"}],"about":[{"href":"https:\/\/www.solar-model.com\/pl\/wp-json\/wp\/v2\/types\/page"}],"author":[{"embeddable":true,"href":"https:\/\/www.solar-model.com\/pl\/wp-json\/wp\/v2\/users\/1"}],"replies":[{"embeddable":true,"href":"https:\/\/www.solar-model.com\/pl\/wp-json\/wp\/v2\/comments?post=892"}],"version-history":[{"count":31,"href":"https:\/\/www.solar-model.com\/pl\/wp-json\/wp\/v2\/pages\/892\/revisions"}],"predecessor-version":[{"id":1620,"href":"https:\/\/www.solar-model.com\/pl\/wp-json\/wp\/v2\/pages\/892\/revisions\/1620"}],"wp:attachment":[{"href":"https:\/\/www.solar-model.com\/pl\/wp-json\/wp\/v2\/media?parent=892"}],"curies":[{"name":"wp","href":"https:\/\/api.w.org\/{rel}","templated":true}]}}